{"id":6520,"date":"2024-11-27T05:13:10","date_gmt":"2024-11-27T10:13:10","guid":{"rendered":"https:\/\/museedelacotenord.ca\/?post_type=exposition&#038;p=6520"},"modified":"2025-09-02T13:10:01","modified_gmt":"2025-09-02T17:10:01","slug":"brown-white-black-the-bears-of-canada","status":"publish","type":"exposition","link":"https:\/\/museedelacotenord.ca\/en\/exposition\/brown-white-black-the-bears-of-canada\/","title":{"rendered":"Brown, white, black : the bears of Canada"},"content":{"rendered":"\t\t<div data-elementor-type=\"wp-post\" data-elementor-id=\"6520\" class=\"elementor elementor-6520 elementor-947\" data-elementor-post-type=\"exposition\">\n\t\t\t\t<div class=\"elementor-element elementor-element-67485eb e-flex e-con-boxed elementor-invisible e-con e-parent\" data-id=\"67485eb\" data-element_type=\"container\" data-settings=\"{&quot;jet_parallax_layout_list&quot;:[],&quot;animation&quot;:&quot;fadeIn&quot;}\">\n\t\t\t\t\t<div class=\"e-con-inner\">\n\t\t\t\t<div class=\"elementor-element elementor-element-8b4659e elementor--h-position-center elementor--v-position-middle elementor-arrows-position-inside elementor-pagination-position-inside elementor-invisible elementor-widget elementor-widget-slides\" data-id=\"8b4659e\" data-element_type=\"widget\" data-settings=\"{&quot;_animation&quot;:&quot;fadeInUp&quot;,&quot;navigation&quot;:&quot;both&quot;,&quot;autoplay&quot;:&quot;yes&quot;,&quot;pause_on_hover&quot;:&quot;yes&quot;,&quot;pause_on_interaction&quot;:&quot;yes&quot;,&quot;autoplay_speed&quot;:5000,&quot;infinite&quot;:&quot;yes&quot;,&quot;transition&quot;:&quot;slide&quot;,&quot;transition_speed&quot;:500}\" data-widget_type=\"slides.default\">\n\t\t\t\t<div class=\"elementor-widget-container\">\n\t\t\t\t\t\t\t\t\t<div class=\"elementor-swiper\">\n\t\t\t\t\t<div class=\"elementor-slides-wrapper elementor-main-swiper swiper\" role=\"region\" aria-roledescription=\"carousel\" aria-label=\"Diapositives\" dir=\"ltr\" data-animation=\"fadeInUp\">\n\t\t\t\t<div class=\"swiper-wrapper elementor-slides\">\n\t\t\t\t\t\t\t\t\t\t<div class=\"elementor-repeater-item-9003364 swiper-slide\" role=\"group\" aria-roledescription=\"slide\"><div class=\"swiper-slide-bg\" role=\"img\"><\/div><div class=\"swiper-slide-inner\" ><div class=\"swiper-slide-contents\"><\/div><\/div><\/div><div class=\"elementor-repeater-item-83f8ecd swiper-slide\" role=\"group\" aria-roledescription=\"slide\"><div class=\"swiper-slide-bg\" role=\"img\"><\/div><div class=\"swiper-slide-inner\" ><div class=\"swiper-slide-contents\"><\/div><\/div><\/div><div class=\"elementor-repeater-item-1f957cc swiper-slide\" role=\"group\" aria-roledescription=\"slide\"><div class=\"swiper-slide-bg\" role=\"img\"><\/div><div class=\"swiper-slide-inner\" ><div class=\"swiper-slide-contents\"><\/div><\/div><\/div><div class=\"elementor-repeater-item-8cd6a3e swiper-slide\" role=\"group\" aria-roledescription=\"slide\"><div class=\"swiper-slide-bg\" role=\"img\"><\/div><div class=\"swiper-slide-inner\" ><div class=\"swiper-slide-contents\"><\/div><\/div><\/div><div class=\"elementor-repeater-item-93ee6eb swiper-slide\" role=\"group\" aria-roledescription=\"slide\"><div class=\"swiper-slide-bg\" role=\"img\"><\/div><div class=\"swiper-slide-inner\" ><div class=\"swiper-slide-contents\"><\/div><\/div><\/div>\t\t\t\t<\/div>\n\t\t\t\t\t\t\t\t\t\t\t\t\t\t\t<div class=\"elementor-swiper-button elementor-swiper-button-prev\" role=\"button\" tabindex=\"0\" aria-label=\"Previous slide\">\n\t\t\t\t\t\t\t<svg aria-hidden=\"true\" class=\"e-font-icon-svg e-eicon-chevron-left\" viewBox=\"0 0 1000 1000\" xmlns=\"http:\/\/www.w3.org\/2000\/svg\"><path d=\"M646 125C629 125 613 133 604 142L308 442C296 454 292 471 292 487 292 504 296 521 308 533L604 854C617 867 629 875 646 875 663 875 679 871 692 858 704 846 713 829 713 812 713 796 708 779 692 767L438 487 692 225C700 217 708 204 708 187 708 171 704 154 692 142 675 129 663 125 646 125Z\"><\/path><\/svg>\t\t\t\t\t\t<\/div>\n\t\t\t\t\t\t<div class=\"elementor-swiper-button elementor-swiper-button-next\" role=\"button\" tabindex=\"0\" aria-label=\"Next slide\">\n\t\t\t\t\t\t\t<svg aria-hidden=\"true\" class=\"e-font-icon-svg e-eicon-chevron-right\" viewBox=\"0 0 1000 1000\" xmlns=\"http:\/\/www.w3.org\/2000\/svg\"><path d=\"M696 533C708 521 713 504 713 487 713 471 708 454 696 446L400 146C388 133 375 125 354 125 338 125 325 129 313 142 300 154 292 171 292 187 292 204 296 221 308 233L563 492 304 771C292 783 288 800 288 817 288 833 296 850 308 863 321 871 338 875 354 875 371 875 388 867 400 854L696 533Z\"><\/path><\/svg>\t\t\t\t\t\t<\/div>\n\t\t\t\t\t\t\t\t\t\t\t\t\t\t\t\t<div class=\"swiper-pagination\"><\/div>\n\t\t\t\t\t\t\t\t\t\t\t\t<\/div>\n\t\t\t\t<\/div>\n\t\t\t\t\t\t\t\t<\/div>\n\t\t\t\t<\/div>\n\t\t<div class=\"elementor-element elementor-element-6ac062e e-con-full e-flex elementor-invisible e-con e-child\" data-id=\"6ac062e\" data-element_type=\"container\" data-settings=\"{&quot;jet_parallax_layout_list&quot;:[],&quot;animation&quot;:&quot;fadeInUp&quot;}\">\n\t\t\t\t<div class=\"elementor-element elementor-element-94eb24b elementor-widget elementor-widget-heading\" data-id=\"94eb24b\" data-element_type=\"widget\" data-widget_type=\"heading.default\">\n\t\t\t\t<div class=\"elementor-widget-container\">\n\t\t\t\t\t<h2 class=\"elementor-heading-title elementor-size-default\">From 30 November 2024<\/h2>\t\t\t\t<\/div>\n\t\t\t\t<\/div>\n\t\t\t\t<div class=\"elementor-element elementor-element-48d1b1a elementor-widget elementor-widget-heading\" data-id=\"48d1b1a\" data-element_type=\"widget\" data-widget_type=\"heading.default\">\n\t\t\t\t<div class=\"elementor-widget-container\">\n\t\t\t\t\t<h2 class=\"elementor-heading-title elementor-size-default\">to 29 April 2025<\/h2>\t\t\t\t<\/div>\n\t\t\t\t<\/div>\n\t\t\t\t<\/div>\n\t\t\t\t<div class=\"elementor-element elementor-element-a25f4d0 elementor-invisible elementor-widget elementor-widget-heading\" data-id=\"a25f4d0\" data-element_type=\"widget\" data-settings=\"{&quot;_animation&quot;:&quot;fadeInUp&quot;}\" data-widget_type=\"heading.default\">\n\t\t\t\t<div class=\"elementor-widget-container\">\n\t\t\t\t\t<h2 class=\"elementor-heading-title elementor-size-default\">Finished<\/h2>\t\t\t\t<\/div>\n\t\t\t\t<\/div>\n\t\t\t\t<div class=\"elementor-element elementor-element-0a16e2c elementor-invisible elementor-widget elementor-widget-text-editor\" data-id=\"0a16e2c\" data-element_type=\"widget\" data-settings=\"{&quot;_animation&quot;:&quot;fadeInUp&quot;}\" data-widget_type=\"text-editor.default\">\n\t\t\t\t<div class=\"elementor-widget-container\">\n\t\t\t\t\t\t\t\t\t<div class=\"x11i5rnm xat24cr x1mh8g0r x1vvkbs xtlvy1s\">Discover the exhibit <em>Brown, White, Black: The Bears of Canada<\/em> as part of a guided tour! Coming to us straight from the Mus\u00e9e du Fjord, and developed in collaboration with the Zoo sauvage de Saint-F\u00e9licien and the Mus\u00e9e ilnu de Mashteuiatsh, this exhibit is sure to delight the whole family!<\/div><div class=\"x11i5rnm xat24cr x1mh8g0r x1vvkbs xtlvy1s\"><br \/>Bears, be they feared or admired, have always fascinated humans, and are a deeply rooted symbol in First Nations culture. This captivating exhibit provides a deeper look into the brown, white and black bears of Canada. Why is the grizzly bear so vulnerable to changes in its environment?<\/div><div>\u00a0<\/div><div class=\"x11i5rnm xat24cr x1mh8g0r x1vvkbs xtlvy1s\">How does the polar bear, emblematic of the fight against climate change, manage to survive in harsh conditions? You\u2019ll find answers to these questions and much more. The Mus\u00e9e also offers families an activity booklet full of fun games and quizzes to help people of all ages explore the fascinating world of Canada\u2019s bears.<\/div>\t\t\t\t\t\t\t\t<\/div>\n\t\t\t\t<\/div>\n\t\t\t\t\t<\/div>\n\t\t\t\t<\/div>\n\t\t<div class=\"elementor-element elementor-element-762ceeb e-flex e-con-boxed e-con e-parent\" data-id=\"762ceeb\" data-element_type=\"container\" data-settings=\"{&quot;jet_parallax_layout_list&quot;:[]}\">\n\t\t\t\t\t<div class=\"e-con-inner\">\n\t\t<div class=\"elementor-element elementor-element-60c2718 e-con-full e-flex e-con e-child\" data-id=\"60c2718\" data-element_type=\"container\" data-settings=\"{&quot;background_background&quot;:&quot;classic&quot;,&quot;jet_parallax_layout_list&quot;:[]}\">\n\t\t\t\t<div class=\"elementor-element elementor-element-80338b3 elementor-widget elementor-widget-image\" data-id=\"80338b3\" data-element_type=\"widget\" data-widget_type=\"image.default\">\n\t\t\t\t<div class=\"elementor-widget-container\">\n\t\t\t\t\t\t\t\t\t\t\t\t\t\t\t<img fetchpriority=\"high\" decoding=\"async\" width=\"1113\" height=\"354\" src=\"https:\/\/museedelacotenord.ca\/wp-content\/uploads\/2024\/11\/HQ-logo-blanc-fond-transparent.png\" class=\"attachment-full size-full wp-image-6050\" alt=\"\" srcset=\"https:\/\/museedelacotenord.ca\/wp-content\/uploads\/2024\/11\/HQ-logo-blanc-fond-transparent.png 1113w, https:\/\/museedelacotenord.ca\/wp-content\/uploads\/2024\/11\/HQ-logo-blanc-fond-transparent-300x95.png 300w, https:\/\/museedelacotenord.ca\/wp-content\/uploads\/2024\/11\/HQ-logo-blanc-fond-transparent-1024x326.png 1024w, https:\/\/museedelacotenord.ca\/wp-content\/uploads\/2024\/11\/HQ-logo-blanc-fond-transparent-768x244.png 768w\" sizes=\"(max-width: 1113px) 100vw, 1113px\" \/>\t\t\t\t\t\t\t\t\t\t\t\t\t\t\t<\/div>\n\t\t\t\t<\/div>\n\t\t\t\t<\/div>\n\t\t<div class=\"elementor-element elementor-element-fcc96ab e-con-full e-flex e-con e-child\" data-id=\"fcc96ab\" data-element_type=\"container\" data-settings=\"{&quot;jet_parallax_layout_list&quot;:[]}\">\n\t\t\t\t<div class=\"elementor-element elementor-element-ff718cc elementor-widget elementor-widget-image\" data-id=\"ff718cc\" data-element_type=\"widget\" data-widget_type=\"image.default\">\n\t\t\t\t<div class=\"elementor-widget-container\">\n\t\t\t\t\t\t\t\t\t\t\t\t\t\t\t<img decoding=\"async\" width=\"866\" height=\"650\" src=\"https:\/\/museedelacotenord.ca\/wp-content\/uploads\/2024\/11\/logo-patrimoine-canada8482.logowik.com_.webp\" class=\"attachment-large size-large wp-image-6051\" alt=\"\" srcset=\"https:\/\/museedelacotenord.ca\/wp-content\/uploads\/2024\/11\/logo-patrimoine-canada8482.logowik.com_.webp 866w, https:\/\/museedelacotenord.ca\/wp-content\/uploads\/2024\/11\/logo-patrimoine-canada8482.logowik.com_-300x225.webp 300w, https:\/\/museedelacotenord.ca\/wp-content\/uploads\/2024\/11\/logo-patrimoine-canada8482.logowik.com_-768x576.webp 768w\" sizes=\"(max-width: 866px) 100vw, 866px\" \/>\t\t\t\t\t\t\t\t\t\t\t\t\t\t\t<\/div>\n\t\t\t\t<\/div>\n\t\t\t\t<\/div>\n\t\t<div class=\"elementor-element elementor-element-02e697b e-con-full e-flex e-con e-child\" data-id=\"02e697b\" data-element_type=\"container\" data-settings=\"{&quot;jet_parallax_layout_list&quot;:[]}\">\n\t\t\t\t<div class=\"elementor-element elementor-element-578f101 elementor-widget elementor-widget-image\" data-id=\"578f101\" data-element_type=\"widget\" data-widget_type=\"image.default\">\n\t\t\t\t<div class=\"elementor-widget-container\">\n\t\t\t\t\t\t\t\t\t\t\t\t\t\t\t<img decoding=\"async\" width=\"300\" height=\"152\" src=\"https:\/\/museedelacotenord.ca\/wp-content\/uploads\/2024\/11\/Musee_du_fjord_logo.png\" class=\"attachment-large size-large wp-image-6052\" alt=\"\" \/>\t\t\t\t\t\t\t\t\t\t\t\t\t\t\t<\/div>\n\t\t\t\t<\/div>\n\t\t\t\t<\/div>\n\t\t<div class=\"elementor-element elementor-element-a12b60e e-con-full e-flex e-con e-child\" data-id=\"a12b60e\" data-element_type=\"container\" data-settings=\"{&quot;jet_parallax_layout_list&quot;:[]}\">\n\t\t\t\t<div class=\"elementor-element elementor-element-3056b3c elementor-widget elementor-widget-image\" data-id=\"3056b3c\" data-element_type=\"widget\" data-widget_type=\"image.default\">\n\t\t\t\t<div class=\"elementor-widget-container\">\n\t\t\t\t\t\t\t\t\t\t\t\t\t\t\t<img loading=\"lazy\" decoding=\"async\" width=\"390\" height=\"297\" src=\"https:\/\/museedelacotenord.ca\/wp-content\/uploads\/2024\/11\/logo_zoo_st-fe-1.jpg__390x365_q90_background-ffffff_subsampling-2-1.jpg\" class=\"attachment-large size-large wp-image-6053\" alt=\"\" srcset=\"https:\/\/museedelacotenord.ca\/wp-content\/uploads\/2024\/11\/logo_zoo_st-fe-1.jpg__390x365_q90_background-ffffff_subsampling-2-1.jpg 390w, https:\/\/museedelacotenord.ca\/wp-content\/uploads\/2024\/11\/logo_zoo_st-fe-1.jpg__390x365_q90_background-ffffff_subsampling-2-1-300x228.jpg 300w\" sizes=\"(max-width: 390px) 100vw, 390px\" \/>\t\t\t\t\t\t\t\t\t\t\t\t\t\t\t<\/div>\n\t\t\t\t<\/div>\n\t\t\t\t<\/div>\n\t\t<div class=\"elementor-element elementor-element-34f935c e-con-full e-flex e-con e-child\" data-id=\"34f935c\" data-element_type=\"container\" data-settings=\"{&quot;jet_parallax_layout_list&quot;:[]}\">\n\t\t\t\t<div class=\"elementor-element elementor-element-904bc50 elementor-widget elementor-widget-image\" data-id=\"904bc50\" data-element_type=\"widget\" data-widget_type=\"image.default\">\n\t\t\t\t<div class=\"elementor-widget-container\">\n\t\t\t\t\t\t\t\t\t\t\t\t\t\t\t<img loading=\"lazy\" decoding=\"async\" width=\"960\" height=\"553\" src=\"https:\/\/museedelacotenord.ca\/wp-content\/uploads\/2024\/11\/Mashteuiash-logo.jpg\" class=\"attachment-large size-large wp-image-6054\" alt=\"\" srcset=\"https:\/\/museedelacotenord.ca\/wp-content\/uploads\/2024\/11\/Mashteuiash-logo.jpg 960w, https:\/\/museedelacotenord.ca\/wp-content\/uploads\/2024\/11\/Mashteuiash-logo-300x173.jpg 300w, https:\/\/museedelacotenord.ca\/wp-content\/uploads\/2024\/11\/Mashteuiash-logo-768x442.jpg 768w\" sizes=\"(max-width: 960px) 100vw, 960px\" \/>\t\t\t\t\t\t\t\t\t\t\t\t\t\t\t<\/div>\n\t\t\t\t<\/div>\n\t\t\t\t<\/div>\n\t\t\t\t\t<\/div>\n\t\t\t\t<\/div>\n\t\t\t\t<\/div>\n\t\t","protected":false},"excerpt":{"rendered":"<p>Discover the exhibition Brown, White, Black: Bears of Canada during guided tours! Coming straight from the Mus\u00e9e du Fjord, it was developed in partnership with the Zoo sauvage de Saint-F\u00e9licien and the Mus\u00e9e am\u00e9rindien de Mashteuiatsh. This exhibition is sure to delight the whole family!<\/p>\n","protected":false},"featured_media":1959,"template":"","meta":{"_acf_changed":false},"categorie-exposition":[42],"class_list":["post-6520","exposition","type-exposition","status-publish","has-post-thumbnail","hentry","categorie-exposition-finished"],"acf":{"date_de_debut":"20241130","date_de_fin":"20250429"},"yoast_head":"<!-- This site is optimized with the Yoast SEO plugin v25.7 - https:\/\/yoast.com\/wordpress\/plugins\/seo\/ -->\n<title>Brown, white, black : the bears of Canada | Mus\u00e9e de la C\u00f4te-Nord<\/title>\n<meta name=\"robots\" content=\"index, follow, max-snippet:-1, max-image-preview:large, max-video-preview:-1\" \/>\n<link rel=\"canonical\" href=\"https:\/\/museedelacotenord.ca\/en\/exposition\/brown-white-black-the-bears-of-canada\/\" \/>\n<meta property=\"og:locale\" content=\"en_US\" \/>\n<meta property=\"og:type\" content=\"article\" \/>\n<meta property=\"og:title\" content=\"Brown, white, black : the bears of Canada | Mus\u00e9e de la C\u00f4te-Nord\" \/>\n<meta property=\"og:description\" content=\"Discover the exhibition Brown, White, Black: Bears of Canada during guided tours! Coming straight from the Mus\u00e9e du Fjord, it was developed in partnership with the Zoo sauvage de Saint-F\u00e9licien and the Mus\u00e9e am\u00e9rindien de Mashteuiatsh. This exhibition is sure to delight the whole family!\" \/>\n<meta property=\"og:url\" content=\"https:\/\/museedelacotenord.ca\/en\/exposition\/brown-white-black-the-bears-of-canada\/\" \/>\n<meta property=\"og:site_name\" content=\"Mus\u00e9e de la C\u00f4te-Nord\" \/>\n<meta property=\"article:publisher\" content=\"https:\/\/web.facebook.com\/musee.cote.nord\/\" \/>\n<meta property=\"article:modified_time\" content=\"2025-09-02T17:10:01+00:00\" \/>\n<meta property=\"og:image\" content=\"https:\/\/museedelacotenord.ca\/wp-content\/uploads\/2024\/11\/ours-noir-1.jpg\" \/>\n\t<meta property=\"og:image:width\" content=\"2048\" \/>\n\t<meta property=\"og:image:height\" content=\"1365\" \/>\n\t<meta property=\"og:image:type\" content=\"image\/jpeg\" \/>\n<meta name=\"twitter:card\" content=\"summary_large_image\" \/>\n<meta name=\"twitter:label1\" content=\"Est. reading time\" \/>\n\t<meta name=\"twitter:data1\" content=\"2 minutes\" \/>\n<script type=\"application\/ld+json\" class=\"yoast-schema-graph\">{\"@context\":\"https:\/\/schema.org\",\"@graph\":[{\"@type\":\"WebPage\",\"@id\":\"https:\/\/museedelacotenord.ca\/en\/exposition\/brown-white-black-the-bears-of-canada\/\",\"url\":\"https:\/\/museedelacotenord.ca\/en\/exposition\/brown-white-black-the-bears-of-canada\/\",\"name\":\"Brown, white, black : the bears of Canada | Mus\u00e9e de la C\u00f4te-Nord\",\"isPartOf\":{\"@id\":\"https:\/\/museedelacotenord.ca\/en\/#website\"},\"primaryImageOfPage\":{\"@id\":\"https:\/\/museedelacotenord.ca\/en\/exposition\/brown-white-black-the-bears-of-canada\/#primaryimage\"},\"image\":{\"@id\":\"https:\/\/museedelacotenord.ca\/en\/exposition\/brown-white-black-the-bears-of-canada\/#primaryimage\"},\"thumbnailUrl\":\"https:\/\/museedelacotenord.ca\/wp-content\/uploads\/2024\/11\/ours-noir-1.jpg\",\"datePublished\":\"2024-11-27T10:13:10+00:00\",\"dateModified\":\"2025-09-02T17:10:01+00:00\",\"breadcrumb\":{\"@id\":\"https:\/\/museedelacotenord.ca\/en\/exposition\/brown-white-black-the-bears-of-canada\/#breadcrumb\"},\"inLanguage\":\"en-US\",\"potentialAction\":[{\"@type\":\"ReadAction\",\"target\":[\"https:\/\/museedelacotenord.ca\/en\/exposition\/brown-white-black-the-bears-of-canada\/\"]}]},{\"@type\":\"ImageObject\",\"inLanguage\":\"en-US\",\"@id\":\"https:\/\/museedelacotenord.ca\/en\/exposition\/brown-white-black-the-bears-of-canada\/#primaryimage\",\"url\":\"https:\/\/museedelacotenord.ca\/wp-content\/uploads\/2024\/11\/ours-noir-1.jpg\",\"contentUrl\":\"https:\/\/museedelacotenord.ca\/wp-content\/uploads\/2024\/11\/ours-noir-1.jpg\",\"width\":2048,\"height\":1365},{\"@type\":\"BreadcrumbList\",\"@id\":\"https:\/\/museedelacotenord.ca\/en\/exposition\/brown-white-black-the-bears-of-canada\/#breadcrumb\",\"itemListElement\":[{\"@type\":\"ListItem\",\"position\":1,\"name\":\"Home\",\"item\":\"https:\/\/museedelacotenord.ca\/en\/\"},{\"@type\":\"ListItem\",\"position\":2,\"name\":\"Brown, white, black : the bears of Canada\"}]},{\"@type\":\"WebSite\",\"@id\":\"https:\/\/museedelacotenord.ca\/en\/#website\",\"url\":\"https:\/\/museedelacotenord.ca\/en\/\",\"name\":\"Mus\u00e9e de la C\u00f4te-Nord\",\"description\":\"\",\"publisher\":{\"@id\":\"https:\/\/museedelacotenord.ca\/en\/#organization\"},\"potentialAction\":[{\"@type\":\"SearchAction\",\"target\":{\"@type\":\"EntryPoint\",\"urlTemplate\":\"https:\/\/museedelacotenord.ca\/en\/?s={search_term_string}\"},\"query-input\":{\"@type\":\"PropertyValueSpecification\",\"valueRequired\":true,\"valueName\":\"search_term_string\"}}],\"inLanguage\":\"en-US\"},{\"@type\":\"Organization\",\"@id\":\"https:\/\/museedelacotenord.ca\/en\/#organization\",\"name\":\"Mus\u00e9e de la C\u00f4te-Nord\",\"url\":\"https:\/\/museedelacotenord.ca\/en\/\",\"logo\":{\"@type\":\"ImageObject\",\"inLanguage\":\"en-US\",\"@id\":\"https:\/\/museedelacotenord.ca\/en\/#\/schema\/logo\/image\/\",\"url\":\"https:\/\/museedelacotenord.ca\/wp-content\/uploads\/2024\/10\/Logo.svg\",\"contentUrl\":\"https:\/\/museedelacotenord.ca\/wp-content\/uploads\/2024\/10\/Logo.svg\",\"width\":121,\"height\":65,\"caption\":\"Mus\u00e9e de la C\u00f4te-Nord\"},\"image\":{\"@id\":\"https:\/\/museedelacotenord.ca\/en\/#\/schema\/logo\/image\/\"},\"sameAs\":[\"https:\/\/web.facebook.com\/musee.cote.nord\/\",\"https:\/\/www.youtube.com\/channel\/UCn8cUNXXQ5W8qnuUIfjdsvQ\"]}]}<\/script>\n<!-- \/ Yoast SEO plugin. -->","yoast_head_json":{"title":"Brown, white, black : the bears of Canada | Mus\u00e9e de la C\u00f4te-Nord","robots":{"index":"index","follow":"follow","max-snippet":"max-snippet:-1","max-image-preview":"max-image-preview:large","max-video-preview":"max-video-preview:-1"},"canonical":"https:\/\/museedelacotenord.ca\/en\/exposition\/brown-white-black-the-bears-of-canada\/","og_locale":"en_US","og_type":"article","og_title":"Brown, white, black : the bears of Canada | Mus\u00e9e de la C\u00f4te-Nord","og_description":"Discover the exhibition Brown, White, Black: Bears of Canada during guided tours! Coming straight from the Mus\u00e9e du Fjord, it was developed in partnership with the Zoo sauvage de Saint-F\u00e9licien and the Mus\u00e9e am\u00e9rindien de Mashteuiatsh. This exhibition is sure to delight the whole family!","og_url":"https:\/\/museedelacotenord.ca\/en\/exposition\/brown-white-black-the-bears-of-canada\/","og_site_name":"Mus\u00e9e de la C\u00f4te-Nord","article_publisher":"https:\/\/web.facebook.com\/musee.cote.nord\/","article_modified_time":"2025-09-02T17:10:01+00:00","og_image":[{"width":2048,"height":1365,"url":"https:\/\/museedelacotenord.ca\/wp-content\/uploads\/2024\/11\/ours-noir-1.jpg","type":"image\/jpeg"}],"twitter_card":"summary_large_image","twitter_misc":{"Est. reading time":"2 minutes"},"schema":{"@context":"https:\/\/schema.org","@graph":[{"@type":"WebPage","@id":"https:\/\/museedelacotenord.ca\/en\/exposition\/brown-white-black-the-bears-of-canada\/","url":"https:\/\/museedelacotenord.ca\/en\/exposition\/brown-white-black-the-bears-of-canada\/","name":"Brown, white, black : the bears of Canada | Mus\u00e9e de la C\u00f4te-Nord","isPartOf":{"@id":"https:\/\/museedelacotenord.ca\/en\/#website"},"primaryImageOfPage":{"@id":"https:\/\/museedelacotenord.ca\/en\/exposition\/brown-white-black-the-bears-of-canada\/#primaryimage"},"image":{"@id":"https:\/\/museedelacotenord.ca\/en\/exposition\/brown-white-black-the-bears-of-canada\/#primaryimage"},"thumbnailUrl":"https:\/\/museedelacotenord.ca\/wp-content\/uploads\/2024\/11\/ours-noir-1.jpg","datePublished":"2024-11-27T10:13:10+00:00","dateModified":"2025-09-02T17:10:01+00:00","breadcrumb":{"@id":"https:\/\/museedelacotenord.ca\/en\/exposition\/brown-white-black-the-bears-of-canada\/#breadcrumb"},"inLanguage":"en-US","potentialAction":[{"@type":"ReadAction","target":["https:\/\/museedelacotenord.ca\/en\/exposition\/brown-white-black-the-bears-of-canada\/"]}]},{"@type":"ImageObject","inLanguage":"en-US","@id":"https:\/\/museedelacotenord.ca\/en\/exposition\/brown-white-black-the-bears-of-canada\/#primaryimage","url":"https:\/\/museedelacotenord.ca\/wp-content\/uploads\/2024\/11\/ours-noir-1.jpg","contentUrl":"https:\/\/museedelacotenord.ca\/wp-content\/uploads\/2024\/11\/ours-noir-1.jpg","width":2048,"height":1365},{"@type":"BreadcrumbList","@id":"https:\/\/museedelacotenord.ca\/en\/exposition\/brown-white-black-the-bears-of-canada\/#breadcrumb","itemListElement":[{"@type":"ListItem","position":1,"name":"Home","item":"https:\/\/museedelacotenord.ca\/en\/"},{"@type":"ListItem","position":2,"name":"Brown, white, black : the bears of Canada"}]},{"@type":"WebSite","@id":"https:\/\/museedelacotenord.ca\/en\/#website","url":"https:\/\/museedelacotenord.ca\/en\/","name":"Mus\u00e9e de la C\u00f4te-Nord","description":"","publisher":{"@id":"https:\/\/museedelacotenord.ca\/en\/#organization"},"potentialAction":[{"@type":"SearchAction","target":{"@type":"EntryPoint","urlTemplate":"https:\/\/museedelacotenord.ca\/en\/?s={search_term_string}"},"query-input":{"@type":"PropertyValueSpecification","valueRequired":true,"valueName":"search_term_string"}}],"inLanguage":"en-US"},{"@type":"Organization","@id":"https:\/\/museedelacotenord.ca\/en\/#organization","name":"Mus\u00e9e de la C\u00f4te-Nord","url":"https:\/\/museedelacotenord.ca\/en\/","logo":{"@type":"ImageObject","inLanguage":"en-US","@id":"https:\/\/museedelacotenord.ca\/en\/#\/schema\/logo\/image\/","url":"https:\/\/museedelacotenord.ca\/wp-content\/uploads\/2024\/10\/Logo.svg","contentUrl":"https:\/\/museedelacotenord.ca\/wp-content\/uploads\/2024\/10\/Logo.svg","width":121,"height":65,"caption":"Mus\u00e9e de la C\u00f4te-Nord"},"image":{"@id":"https:\/\/museedelacotenord.ca\/en\/#\/schema\/logo\/image\/"},"sameAs":["https:\/\/web.facebook.com\/musee.cote.nord\/","https:\/\/www.youtube.com\/channel\/UCn8cUNXXQ5W8qnuUIfjdsvQ"]}]}},"_links":{"self":[{"href":"https:\/\/museedelacotenord.ca\/en\/wp-json\/wp\/v2\/exposition\/6520","targetHints":{"allow":["GET"]}}],"collection":[{"href":"https:\/\/museedelacotenord.ca\/en\/wp-json\/wp\/v2\/exposition"}],"about":[{"href":"https:\/\/museedelacotenord.ca\/en\/wp-json\/wp\/v2\/types\/exposition"}],"version-history":[{"count":12,"href":"https:\/\/museedelacotenord.ca\/en\/wp-json\/wp\/v2\/exposition\/6520\/revisions"}],"predecessor-version":[{"id":7065,"href":"https:\/\/museedelacotenord.ca\/en\/wp-json\/wp\/v2\/exposition\/6520\/revisions\/7065"}],"wp:featuredmedia":[{"embeddable":true,"href":"https:\/\/museedelacotenord.ca\/en\/wp-json\/wp\/v2\/media\/1959"}],"wp:attachment":[{"href":"https:\/\/museedelacotenord.ca\/en\/wp-json\/wp\/v2\/media?parent=6520"}],"wp:term":[{"taxonomy":"categorie-exposition","embeddable":true,"href":"https:\/\/museedelacotenord.ca\/en\/wp-json\/wp\/v2\/categorie-exposition?post=6520"}],"curies":[{"name":"wp","href":"https:\/\/api.w.org\/{rel}","templated":true}]}}