{"id":6526,"date":"2024-05-16T15:51:12","date_gmt":"2024-05-16T19:51:12","guid":{"rendered":"https:\/\/museedelacotenord.ca\/?post_type=exposition&#038;p=6526"},"modified":"2025-09-02T13:11:02","modified_gmt":"2025-09-02T17:11:02","slug":"raised-in-the-mist","status":"publish","type":"exposition","link":"https:\/\/museedelacotenord.ca\/en\/exposition\/raised-in-the-mist\/","title":{"rendered":"Raised in the Mist"},"content":{"rendered":"\t\t<div data-elementor-type=\"wp-post\" data-elementor-id=\"6526\" class=\"elementor elementor-6526 elementor-2029\" data-elementor-post-type=\"exposition\">\n\t\t\t\t<div class=\"elementor-element elementor-element-67485eb e-flex e-con-boxed elementor-invisible e-con e-parent\" data-id=\"67485eb\" data-element_type=\"container\" data-settings=\"{&quot;jet_parallax_layout_list&quot;:[],&quot;animation&quot;:&quot;fadeIn&quot;}\">\n\t\t\t\t\t<div class=\"e-con-inner\">\n\t\t\t\t<div class=\"elementor-element elementor-element-8b4659e elementor--h-position-center elementor--v-position-middle elementor-arrows-position-inside elementor-pagination-position-inside elementor-invisible elementor-widget elementor-widget-slides\" data-id=\"8b4659e\" data-element_type=\"widget\" data-settings=\"{&quot;_animation&quot;:&quot;fadeInUp&quot;,&quot;navigation&quot;:&quot;both&quot;,&quot;autoplay&quot;:&quot;yes&quot;,&quot;pause_on_hover&quot;:&quot;yes&quot;,&quot;pause_on_interaction&quot;:&quot;yes&quot;,&quot;autoplay_speed&quot;:5000,&quot;infinite&quot;:&quot;yes&quot;,&quot;transition&quot;:&quot;slide&quot;,&quot;transition_speed&quot;:500}\" data-widget_type=\"slides.default\">\n\t\t\t\t<div class=\"elementor-widget-container\">\n\t\t\t\t\t\t\t\t\t<div class=\"elementor-swiper\">\n\t\t\t\t\t<div class=\"elementor-slides-wrapper elementor-main-swiper swiper\" role=\"region\" aria-roledescription=\"carousel\" aria-label=\"Diapositives\" dir=\"ltr\" data-animation=\"fadeInUp\">\n\t\t\t\t<div class=\"swiper-wrapper elementor-slides\">\n\t\t\t\t\t\t\t\t\t\t<div class=\"elementor-repeater-item-9003364 swiper-slide\" role=\"group\" aria-roledescription=\"slide\"><div class=\"swiper-slide-bg\" role=\"img\"><\/div><div class=\"swiper-slide-inner\" ><div class=\"swiper-slide-contents\"><\/div><\/div><\/div><div class=\"elementor-repeater-item-1a3be90 swiper-slide\" role=\"group\" aria-roledescription=\"slide\"><div class=\"swiper-slide-bg\" role=\"img\"><\/div><div class=\"swiper-slide-inner\" ><div class=\"swiper-slide-contents\"><\/div><\/div><\/div><div class=\"elementor-repeater-item-952e9a8 swiper-slide\" role=\"group\" aria-roledescription=\"slide\"><div class=\"swiper-slide-bg\" role=\"img\"><\/div><div class=\"swiper-slide-inner\" ><div class=\"swiper-slide-contents\"><\/div><\/div><\/div><div class=\"elementor-repeater-item-37cd7d2 swiper-slide\" role=\"group\" aria-roledescription=\"slide\"><div class=\"swiper-slide-bg\" role=\"img\"><\/div><div class=\"swiper-slide-inner\" ><div class=\"swiper-slide-contents\"><\/div><\/div><\/div><div class=\"elementor-repeater-item-d87fbb2 swiper-slide\" role=\"group\" aria-roledescription=\"slide\"><div class=\"swiper-slide-bg\" role=\"img\"><\/div><div class=\"swiper-slide-inner\" ><div class=\"swiper-slide-contents\"><\/div><\/div><\/div>\t\t\t\t<\/div>\n\t\t\t\t\t\t\t\t\t\t\t\t\t\t\t<div class=\"elementor-swiper-button elementor-swiper-button-prev\" role=\"button\" tabindex=\"0\" aria-label=\"Previous slide\">\n\t\t\t\t\t\t\t<svg aria-hidden=\"true\" class=\"e-font-icon-svg e-eicon-chevron-left\" viewBox=\"0 0 1000 1000\" xmlns=\"http:\/\/www.w3.org\/2000\/svg\"><path d=\"M646 125C629 125 613 133 604 142L308 442C296 454 292 471 292 487 292 504 296 521 308 533L604 854C617 867 629 875 646 875 663 875 679 871 692 858 704 846 713 829 713 812 713 796 708 779 692 767L438 487 692 225C700 217 708 204 708 187 708 171 704 154 692 142 675 129 663 125 646 125Z\"><\/path><\/svg>\t\t\t\t\t\t<\/div>\n\t\t\t\t\t\t<div class=\"elementor-swiper-button elementor-swiper-button-next\" role=\"button\" tabindex=\"0\" aria-label=\"Next slide\">\n\t\t\t\t\t\t\t<svg aria-hidden=\"true\" class=\"e-font-icon-svg e-eicon-chevron-right\" viewBox=\"0 0 1000 1000\" xmlns=\"http:\/\/www.w3.org\/2000\/svg\"><path d=\"M696 533C708 521 713 504 713 487 713 471 708 454 696 446L400 146C388 133 375 125 354 125 338 125 325 129 313 142 300 154 292 171 292 187 292 204 296 221 308 233L563 492 304 771C292 783 288 800 288 817 288 833 296 850 308 863 321 871 338 875 354 875 371 875 388 867 400 854L696 533Z\"><\/path><\/svg>\t\t\t\t\t\t<\/div>\n\t\t\t\t\t\t\t\t\t\t\t\t\t\t\t\t<div class=\"swiper-pagination\"><\/div>\n\t\t\t\t\t\t\t\t\t\t\t\t<\/div>\n\t\t\t\t<\/div>\n\t\t\t\t\t\t\t\t<\/div>\n\t\t\t\t<\/div>\n\t\t<div class=\"elementor-element elementor-element-6ac062e e-con-full e-flex elementor-invisible e-con e-child\" data-id=\"6ac062e\" data-element_type=\"container\" data-settings=\"{&quot;jet_parallax_layout_list&quot;:[],&quot;animation&quot;:&quot;fadeInUp&quot;}\">\n\t\t\t\t<div class=\"elementor-element elementor-element-94eb24b elementor-widget elementor-widget-heading\" data-id=\"94eb24b\" data-element_type=\"widget\" data-widget_type=\"heading.default\">\n\t\t\t\t<div class=\"elementor-widget-container\">\n\t\t\t\t\t<h2 class=\"elementor-heading-title elementor-size-default\">From 16 May 2024<\/h2>\t\t\t\t<\/div>\n\t\t\t\t<\/div>\n\t\t\t\t<div class=\"elementor-element elementor-element-48d1b1a elementor-widget elementor-widget-heading\" data-id=\"48d1b1a\" data-element_type=\"widget\" data-widget_type=\"heading.default\">\n\t\t\t\t<div class=\"elementor-widget-container\">\n\t\t\t\t\t<h2 class=\"elementor-heading-title elementor-size-default\">to  16 November 2024<\/h2>\t\t\t\t<\/div>\n\t\t\t\t<\/div>\n\t\t\t\t<\/div>\n\t\t\t\t<div class=\"elementor-element elementor-element-a25f4d0 elementor-invisible elementor-widget elementor-widget-heading\" data-id=\"a25f4d0\" data-element_type=\"widget\" data-settings=\"{&quot;_animation&quot;:&quot;fadeInUp&quot;}\" data-widget_type=\"heading.default\">\n\t\t\t\t<div class=\"elementor-widget-container\">\n\t\t\t\t\t<h2 class=\"elementor-heading-title elementor-size-default\">Termin\u00e9e<\/h2>\t\t\t\t<\/div>\n\t\t\t\t<\/div>\n\t\t\t\t<div class=\"elementor-element elementor-element-0a16e2c elementor-invisible elementor-widget elementor-widget-text-editor\" data-id=\"0a16e2c\" data-element_type=\"widget\" data-settings=\"{&quot;_animation&quot;:&quot;fadeInUp&quot;}\" data-widget_type=\"text-editor.default\">\n\t\t\t\t<div class=\"elementor-widget-container\">\n\t\t\t\t\t\t\t\t\t<p><strong>Raised in the Mist<\/strong> exhibition opening\u00a0<\/p><p><em>In the presence of the artist<\/em><em>, Alain James Rioux Dub\u00e9<br \/>On the first Sunday of the month<\/em><\/p><p><strong><em>Raised in the Mist<\/em> exhibit<\/strong><\/p><p><em>Raised in the Mist<\/em> offers an immersive audiovisual experience in T\u00eate-\u00e0-la-Baleine, Basse-C\u00f4te-Nord, a unique and irresistibly fascinating place, and chronicles the ups and downs of an occupation that affirms our special relationship with the St. Lawrence River\u2013fishing.<\/p><p><strong>About <\/strong><strong>Alain James Rioux Dub\u00e9<\/strong><\/p><p>Alain James Rioux Dub\u00e9, from Montreal, is a multimedia artist who has studied journalism, anthropology and sociology. His passion for documenting local traditions inspired him to create <em>Raised in the Mist<\/em>, an exhibit that came out of a collaboration between him and CJTB, T\u00eate-\u00e0-la-Baleine\u2019s community radio station. It is the artist\u2019s first exhibit.<\/p><p><strong>Sept-\u00celes, May 16, 2024 <\/strong>\u2013 To celebrate the first Sunday in June, the Mus\u00e9e offers a whole new exhibition opening experience. The artist, Alain James Rioux Dub\u00e9, has generously given us his time to come tell the story of his exhibit for the whole afternoon on Sunday, June 2, between 1 PM and 5 PM.<\/p><p><br \/><strong>Place<\/strong>\u00a0: Mus\u00e9e r\u00e9gional de la C\u00f4te-Nord, 500, boul. Laure, Sept-\u00celes.<br \/><strong>Date<\/strong>\u00a0: 29 mai<br \/><b>Time <\/b>: 17h \u00e0 9h<br \/><strong>Afternoon celebration <\/strong>: Wine and snacks served on site.<br \/><b>Price <\/b>:\u00a0The first Sunday of the month is always free at the Mus\u00e9e!<br \/><br \/><\/p><p><strong>Poster and promotional images<\/strong><\/p>\t\t\t\t\t\t\t\t<\/div>\n\t\t\t\t<\/div>\n\t\t\t\t<div class=\"elementor-element elementor-element-ca15ce8 elementor-widget elementor-widget-image\" data-id=\"ca15ce8\" data-element_type=\"widget\" data-widget_type=\"image.default\">\n\t\t\t\t<div class=\"elementor-widget-container\">\n\t\t\t\t\t\t\t\t\t\t\t\t\t\t\t<img fetchpriority=\"high\" decoding=\"async\" width=\"1024\" height=\"967\" src=\"https:\/\/museedelacotenord.ca\/wp-content\/uploads\/2024\/05\/AJ_Affiche-galerie_2024-low.jpg\" class=\"attachment-large size-large wp-image-2047\" alt=\"\" srcset=\"https:\/\/museedelacotenord.ca\/wp-content\/uploads\/2024\/05\/AJ_Affiche-galerie_2024-low.jpg 1024w, https:\/\/museedelacotenord.ca\/wp-content\/uploads\/2024\/05\/AJ_Affiche-galerie_2024-low-300x283.jpg 300w, https:\/\/museedelacotenord.ca\/wp-content\/uploads\/2024\/05\/AJ_Affiche-galerie_2024-low-768x725.jpg 768w\" sizes=\"(max-width: 1024px) 100vw, 1024px\" \/>\t\t\t\t\t\t\t\t\t\t\t\t\t\t\t<\/div>\n\t\t\t\t<\/div>\n\t\t\t\t\t<\/div>\n\t\t\t\t<\/div>\n\t\t<div class=\"elementor-element elementor-element-e23b2c0 e-flex e-con-boxed e-con e-parent\" data-id=\"e23b2c0\" data-element_type=\"container\" data-settings=\"{&quot;jet_parallax_layout_list&quot;:[]}\">\n\t\t\t\t\t<div class=\"e-con-inner\">\n\t\t\t\t\t<\/div>\n\t\t\t\t<\/div>\n\t\t\t\t<\/div>\n\t\t","protected":false},"excerpt":{"rendered":"<p>\u00c9lev\u00e9 dans la brume offers an immersive audio-visual experience in T\u00eate-\u00e0-la-Baleine on the Lower North Shore, a unique and irresistibly fascinating place, to recount the ups and downs of a profession that attests to our special connection with the St. Lawrence River: fishing.<\/p>\n","protected":false},"featured_media":2033,"template":"","meta":{"_acf_changed":false},"categorie-exposition":[42],"class_list":["post-6526","exposition","type-exposition","status-publish","has-post-thumbnail","hentry","categorie-exposition-finished"],"acf":{"date_de_debut":"20240516","date_de_fin":"20241116"},"yoast_head":"<!-- This site is optimized with the Yoast SEO plugin v25.7 - https:\/\/yoast.com\/wordpress\/plugins\/seo\/ -->\n<title>Raised in the Mist | Mus\u00e9e de la C\u00f4te-Nord<\/title>\n<meta name=\"robots\" content=\"index, follow, max-snippet:-1, max-image-preview:large, max-video-preview:-1\" \/>\n<link rel=\"canonical\" href=\"https:\/\/museedelacotenord.ca\/en\/exposition\/raised-in-the-mist\/\" \/>\n<meta property=\"og:locale\" content=\"en_US\" \/>\n<meta property=\"og:type\" content=\"article\" \/>\n<meta property=\"og:title\" content=\"Raised in the Mist | Mus\u00e9e de la C\u00f4te-Nord\" \/>\n<meta property=\"og:description\" content=\"\u00c9lev\u00e9 dans la brume offers an immersive audio-visual experience in T\u00eate-\u00e0-la-Baleine on the Lower North Shore, a unique and irresistibly fascinating place, to recount the ups and downs of a profession that attests to our special connection with the St. Lawrence River: fishing.\" \/>\n<meta property=\"og:url\" content=\"https:\/\/museedelacotenord.ca\/en\/exposition\/raised-in-the-mist\/\" \/>\n<meta property=\"og:site_name\" content=\"Mus\u00e9e de la C\u00f4te-Nord\" \/>\n<meta property=\"article:publisher\" content=\"https:\/\/web.facebook.com\/musee.cote.nord\/\" \/>\n<meta property=\"article:modified_time\" content=\"2025-09-02T17:11:02+00:00\" \/>\n<meta property=\"og:image\" content=\"https:\/\/museedelacotenord.ca\/wp-content\/uploads\/2024\/05\/AJ_Affiche-galerie_2024-rogne-small.jpg\" \/>\n\t<meta property=\"og:image:width\" content=\"1024\" \/>\n\t<meta property=\"og:image:height\" content=\"752\" \/>\n\t<meta property=\"og:image:type\" content=\"image\/jpeg\" \/>\n<meta name=\"twitter:card\" content=\"summary_large_image\" \/>\n<meta name=\"twitter:label1\" content=\"Est. reading time\" \/>\n\t<meta name=\"twitter:data1\" content=\"2 minutes\" \/>\n<script type=\"application\/ld+json\" class=\"yoast-schema-graph\">{\"@context\":\"https:\/\/schema.org\",\"@graph\":[{\"@type\":\"WebPage\",\"@id\":\"https:\/\/museedelacotenord.ca\/en\/exposition\/raised-in-the-mist\/\",\"url\":\"https:\/\/museedelacotenord.ca\/en\/exposition\/raised-in-the-mist\/\",\"name\":\"Raised in the Mist | Mus\u00e9e de la C\u00f4te-Nord\",\"isPartOf\":{\"@id\":\"https:\/\/museedelacotenord.ca\/en\/#website\"},\"primaryImageOfPage\":{\"@id\":\"https:\/\/museedelacotenord.ca\/en\/exposition\/raised-in-the-mist\/#primaryimage\"},\"image\":{\"@id\":\"https:\/\/museedelacotenord.ca\/en\/exposition\/raised-in-the-mist\/#primaryimage\"},\"thumbnailUrl\":\"https:\/\/museedelacotenord.ca\/wp-content\/uploads\/2024\/05\/AJ_Affiche-galerie_2024-rogne-small.jpg\",\"datePublished\":\"2024-05-16T19:51:12+00:00\",\"dateModified\":\"2025-09-02T17:11:02+00:00\",\"breadcrumb\":{\"@id\":\"https:\/\/museedelacotenord.ca\/en\/exposition\/raised-in-the-mist\/#breadcrumb\"},\"inLanguage\":\"en-US\",\"potentialAction\":[{\"@type\":\"ReadAction\",\"target\":[\"https:\/\/museedelacotenord.ca\/en\/exposition\/raised-in-the-mist\/\"]}]},{\"@type\":\"ImageObject\",\"inLanguage\":\"en-US\",\"@id\":\"https:\/\/museedelacotenord.ca\/en\/exposition\/raised-in-the-mist\/#primaryimage\",\"url\":\"https:\/\/museedelacotenord.ca\/wp-content\/uploads\/2024\/05\/AJ_Affiche-galerie_2024-rogne-small.jpg\",\"contentUrl\":\"https:\/\/museedelacotenord.ca\/wp-content\/uploads\/2024\/05\/AJ_Affiche-galerie_2024-rogne-small.jpg\",\"width\":1024,\"height\":752},{\"@type\":\"BreadcrumbList\",\"@id\":\"https:\/\/museedelacotenord.ca\/en\/exposition\/raised-in-the-mist\/#breadcrumb\",\"itemListElement\":[{\"@type\":\"ListItem\",\"position\":1,\"name\":\"Home\",\"item\":\"https:\/\/museedelacotenord.ca\/en\/\"},{\"@type\":\"ListItem\",\"position\":2,\"name\":\"Raised in the Mist\"}]},{\"@type\":\"WebSite\",\"@id\":\"https:\/\/museedelacotenord.ca\/en\/#website\",\"url\":\"https:\/\/museedelacotenord.ca\/en\/\",\"name\":\"Mus\u00e9e de la C\u00f4te-Nord\",\"description\":\"\",\"publisher\":{\"@id\":\"https:\/\/museedelacotenord.ca\/en\/#organization\"},\"potentialAction\":[{\"@type\":\"SearchAction\",\"target\":{\"@type\":\"EntryPoint\",\"urlTemplate\":\"https:\/\/museedelacotenord.ca\/en\/?s={search_term_string}\"},\"query-input\":{\"@type\":\"PropertyValueSpecification\",\"valueRequired\":true,\"valueName\":\"search_term_string\"}}],\"inLanguage\":\"en-US\"},{\"@type\":\"Organization\",\"@id\":\"https:\/\/museedelacotenord.ca\/en\/#organization\",\"name\":\"Mus\u00e9e de la C\u00f4te-Nord\",\"url\":\"https:\/\/museedelacotenord.ca\/en\/\",\"logo\":{\"@type\":\"ImageObject\",\"inLanguage\":\"en-US\",\"@id\":\"https:\/\/museedelacotenord.ca\/en\/#\/schema\/logo\/image\/\",\"url\":\"https:\/\/museedelacotenord.ca\/wp-content\/uploads\/2024\/10\/Logo.svg\",\"contentUrl\":\"https:\/\/museedelacotenord.ca\/wp-content\/uploads\/2024\/10\/Logo.svg\",\"width\":121,\"height\":65,\"caption\":\"Mus\u00e9e de la C\u00f4te-Nord\"},\"image\":{\"@id\":\"https:\/\/museedelacotenord.ca\/en\/#\/schema\/logo\/image\/\"},\"sameAs\":[\"https:\/\/web.facebook.com\/musee.cote.nord\/\",\"https:\/\/www.youtube.com\/channel\/UCn8cUNXXQ5W8qnuUIfjdsvQ\"]}]}<\/script>\n<!-- \/ Yoast SEO plugin. -->","yoast_head_json":{"title":"Raised in the Mist | Mus\u00e9e de la C\u00f4te-Nord","robots":{"index":"index","follow":"follow","max-snippet":"max-snippet:-1","max-image-preview":"max-image-preview:large","max-video-preview":"max-video-preview:-1"},"canonical":"https:\/\/museedelacotenord.ca\/en\/exposition\/raised-in-the-mist\/","og_locale":"en_US","og_type":"article","og_title":"Raised in the Mist | Mus\u00e9e de la C\u00f4te-Nord","og_description":"\u00c9lev\u00e9 dans la brume offers an immersive audio-visual experience in T\u00eate-\u00e0-la-Baleine on the Lower North Shore, a unique and irresistibly fascinating place, to recount the ups and downs of a profession that attests to our special connection with the St. Lawrence River: fishing.","og_url":"https:\/\/museedelacotenord.ca\/en\/exposition\/raised-in-the-mist\/","og_site_name":"Mus\u00e9e de la C\u00f4te-Nord","article_publisher":"https:\/\/web.facebook.com\/musee.cote.nord\/","article_modified_time":"2025-09-02T17:11:02+00:00","og_image":[{"width":1024,"height":752,"url":"https:\/\/museedelacotenord.ca\/wp-content\/uploads\/2024\/05\/AJ_Affiche-galerie_2024-rogne-small.jpg","type":"image\/jpeg"}],"twitter_card":"summary_large_image","twitter_misc":{"Est. reading time":"2 minutes"},"schema":{"@context":"https:\/\/schema.org","@graph":[{"@type":"WebPage","@id":"https:\/\/museedelacotenord.ca\/en\/exposition\/raised-in-the-mist\/","url":"https:\/\/museedelacotenord.ca\/en\/exposition\/raised-in-the-mist\/","name":"Raised in the Mist | Mus\u00e9e de la C\u00f4te-Nord","isPartOf":{"@id":"https:\/\/museedelacotenord.ca\/en\/#website"},"primaryImageOfPage":{"@id":"https:\/\/museedelacotenord.ca\/en\/exposition\/raised-in-the-mist\/#primaryimage"},"image":{"@id":"https:\/\/museedelacotenord.ca\/en\/exposition\/raised-in-the-mist\/#primaryimage"},"thumbnailUrl":"https:\/\/museedelacotenord.ca\/wp-content\/uploads\/2024\/05\/AJ_Affiche-galerie_2024-rogne-small.jpg","datePublished":"2024-05-16T19:51:12+00:00","dateModified":"2025-09-02T17:11:02+00:00","breadcrumb":{"@id":"https:\/\/museedelacotenord.ca\/en\/exposition\/raised-in-the-mist\/#breadcrumb"},"inLanguage":"en-US","potentialAction":[{"@type":"ReadAction","target":["https:\/\/museedelacotenord.ca\/en\/exposition\/raised-in-the-mist\/"]}]},{"@type":"ImageObject","inLanguage":"en-US","@id":"https:\/\/museedelacotenord.ca\/en\/exposition\/raised-in-the-mist\/#primaryimage","url":"https:\/\/museedelacotenord.ca\/wp-content\/uploads\/2024\/05\/AJ_Affiche-galerie_2024-rogne-small.jpg","contentUrl":"https:\/\/museedelacotenord.ca\/wp-content\/uploads\/2024\/05\/AJ_Affiche-galerie_2024-rogne-small.jpg","width":1024,"height":752},{"@type":"BreadcrumbList","@id":"https:\/\/museedelacotenord.ca\/en\/exposition\/raised-in-the-mist\/#breadcrumb","itemListElement":[{"@type":"ListItem","position":1,"name":"Home","item":"https:\/\/museedelacotenord.ca\/en\/"},{"@type":"ListItem","position":2,"name":"Raised in the Mist"}]},{"@type":"WebSite","@id":"https:\/\/museedelacotenord.ca\/en\/#website","url":"https:\/\/museedelacotenord.ca\/en\/","name":"Mus\u00e9e de la C\u00f4te-Nord","description":"","publisher":{"@id":"https:\/\/museedelacotenord.ca\/en\/#organization"},"potentialAction":[{"@type":"SearchAction","target":{"@type":"EntryPoint","urlTemplate":"https:\/\/museedelacotenord.ca\/en\/?s={search_term_string}"},"query-input":{"@type":"PropertyValueSpecification","valueRequired":true,"valueName":"search_term_string"}}],"inLanguage":"en-US"},{"@type":"Organization","@id":"https:\/\/museedelacotenord.ca\/en\/#organization","name":"Mus\u00e9e de la C\u00f4te-Nord","url":"https:\/\/museedelacotenord.ca\/en\/","logo":{"@type":"ImageObject","inLanguage":"en-US","@id":"https:\/\/museedelacotenord.ca\/en\/#\/schema\/logo\/image\/","url":"https:\/\/museedelacotenord.ca\/wp-content\/uploads\/2024\/10\/Logo.svg","contentUrl":"https:\/\/museedelacotenord.ca\/wp-content\/uploads\/2024\/10\/Logo.svg","width":121,"height":65,"caption":"Mus\u00e9e de la C\u00f4te-Nord"},"image":{"@id":"https:\/\/museedelacotenord.ca\/en\/#\/schema\/logo\/image\/"},"sameAs":["https:\/\/web.facebook.com\/musee.cote.nord\/","https:\/\/www.youtube.com\/channel\/UCn8cUNXXQ5W8qnuUIfjdsvQ"]}]}},"_links":{"self":[{"href":"https:\/\/museedelacotenord.ca\/en\/wp-json\/wp\/v2\/exposition\/6526","targetHints":{"allow":["GET"]}}],"collection":[{"href":"https:\/\/museedelacotenord.ca\/en\/wp-json\/wp\/v2\/exposition"}],"about":[{"href":"https:\/\/museedelacotenord.ca\/en\/wp-json\/wp\/v2\/types\/exposition"}],"version-history":[{"count":10,"href":"https:\/\/museedelacotenord.ca\/en\/wp-json\/wp\/v2\/exposition\/6526\/revisions"}],"predecessor-version":[{"id":7300,"href":"https:\/\/museedelacotenord.ca\/en\/wp-json\/wp\/v2\/exposition\/6526\/revisions\/7300"}],"wp:featuredmedia":[{"embeddable":true,"href":"https:\/\/museedelacotenord.ca\/en\/wp-json\/wp\/v2\/media\/2033"}],"wp:attachment":[{"href":"https:\/\/museedelacotenord.ca\/en\/wp-json\/wp\/v2\/media?parent=6526"}],"wp:term":[{"taxonomy":"categorie-exposition","embeddable":true,"href":"https:\/\/museedelacotenord.ca\/en\/wp-json\/wp\/v2\/categorie-exposition?post=6526"}],"curies":[{"name":"wp","href":"https:\/\/api.w.org\/{rel}","templated":true}]}}